{"id":410,"date":"2021-12-19T16:42:47","date_gmt":"2021-12-19T16:42:47","guid":{"rendered":"http:\/\/www.xn--stmarkail-k8a.no\/?page_id=410"},"modified":"2026-01-12T22:27:42","modified_gmt":"2026-01-12T22:27:42","slug":"styrets-historikk","status":"publish","type":"page","link":"https:\/\/www.xn--stmarkail-k8a.no\/?page_id=410","title":{"rendered":"Styrets historikk"},"content":{"rendered":"\n<p class=\"has-medium-font-size\"><strong>Styret<\/strong><\/p>\n\n\n\n<figure class=\"wp-block-table is-style-stripes\"><table><tbody><tr><td><strong>Navn<\/strong><\/td><td><strong>Antall \u00e5r<\/strong><\/td><td><strong>Fra<\/strong><\/td><\/tr><tr><td>Vidar B\u00f8e<\/td><td>32<\/td><td>1993<\/td><\/tr><tr><td>Rigmor S\u00e6b\u00f8<\/td><td>23<\/td><td>2002<\/td><\/tr><tr><td>Sauveur Chichirillo<\/td><td>23<\/td><td>1996<\/td><\/tr><tr><td>Thomas Borge<\/td><td>16<\/td><td>2008<\/td><\/tr><tr><td>Jan Arnt Skjolde<\/td><td>15<\/td><td>1997<\/td><\/tr><tr><td>Villy Mydland<\/td><td>13<\/td><td>2013<\/td><\/tr><tr><td>Hans H\u00e5kon Ruud<\/td><td>11<\/td><td>2001<\/td><\/tr><tr><td>Benjamin Borge<\/td><td>9<\/td><td>2016<\/td><\/tr><tr><td>\u00d8yvind Johannessen<\/td><td>9<\/td><td>2004<\/td><\/tr><tr><td>Kirsti Ruud<\/td><td>8<\/td><td>2010<\/td><\/tr><tr><td>Tom Edvardsen<\/td><td>7<\/td><td>1994<\/td><\/tr><tr><td>Siri Str\u00f8m Engebretsen<\/td><td>6<\/td><td>2001<\/td><\/tr><tr><td>Marthe Telle<\/td><td>5<\/td><td>2010<\/td><\/tr><tr><td>\u00d8yvind R\u00f8en<\/td><td>4<\/td><td>1994<\/td><\/tr><tr><td>Odin Tellesb\u00f8<\/td><td>4<\/td><td>2000<\/td><\/tr><tr><td>Harald Helgesen<\/td><td>4<\/td><td>2007<\/td><\/tr><tr><td>Turid Haraldsen<\/td><td>5<\/td><td>2018<\/td><\/tr><tr><td>Rolf Johannessen<\/td><td>3<\/td><td>2001<\/td><\/tr><tr><td>Alex Andersen&nbsp;&nbsp;&nbsp;&nbsp;&nbsp;&nbsp;&nbsp;&nbsp;&nbsp;&nbsp;&nbsp;&nbsp;&nbsp;<\/td><td>3<\/td><td>2001<\/td><\/tr><tr><td>Caroline Borge<\/td><td>2<\/td><td>2024<\/td><\/tr><tr><td>Jan Sj\u00f8lshagen<\/td><td>2<\/td><td>1994<\/td><\/tr><tr><td>Morten Stabell Hansen<\/td><td>2<\/td><td>1996<\/td><\/tr><tr><td>Hilde Antoniussen<\/td><td>2<\/td><td>2001<\/td><\/tr><tr><td>Sigbj\u00f8rn Eidsnes<\/td><td>2<\/td><td>2011<\/td><\/tr><tr><td>Anne Gamre<\/td><td>2<\/td><td>2013<\/td><\/tr><tr><td>Bj\u00f8rn Erik Thuv<\/td><td>1<\/td><td>1994<\/td><\/tr><tr><td>Ellen Lanke<\/td><td>1<\/td><td>1996<\/td><\/tr><tr><td>P\u00e5l Benk\u00f8<\/td><td>1<\/td><td>1999<\/td><\/tr><tr><td>Svein Bjerke<\/td><td>1<\/td><td>2000<\/td><\/tr><tr><td>Monica Guneruissen<\/td><td>1<\/td><td>2008<\/td><\/tr><tr><td>Bente Berge<\/td><td>1<\/td><td>2009<\/td><\/tr><\/tbody><\/table><\/figure>\n\n\n\n<p><\/p>\n\n\n\n<p class=\"has-medium-font-size\"><strong>Leder<\/strong><\/p>\n\n\n\n<figure class=\"wp-block-table is-style-stripes\"><table><tbody><tr><td><strong>Navn<\/strong><\/td><td><strong>\u00c5r<\/strong><\/td><td><strong>Fra<\/strong><\/td><\/tr><tr><td>Vidar B\u00f8e<\/td><td>14<\/td><td>1995<\/td><\/tr><tr><td>Thomas Borge<\/td><td>13<\/td><td>2011<\/td><\/tr><tr><td>Odin Tellesb\u00f8<\/td><td>4<\/td><td>2000<\/td><\/tr><tr><td>Bj\u00f8rn Schulstock<\/td><td>1<\/td><td>1996<\/td><\/tr><\/tbody><\/table><\/figure>\n\n\n\n<p><\/p>\n\n\n\n<figure class=\"wp-block-table is-style-stripes\"><table><tbody><tr><td>Sykkel<\/td><td>1994<\/td><\/tr><tr><td>Triatlon<\/td><td>1997<\/td><\/tr><tr><td>Friidrett<\/td><td>2000<\/td><\/tr><tr><td>Innebandy<\/td><td>2000<\/td><\/tr><tr><td>Klatring<\/td><td>2004<\/td><\/tr><\/tbody><\/table><\/figure>\n\n\n\n<p><\/p>\n","protected":false},"excerpt":{"rendered":"<p>Styret Navn Antall \u00e5r Fra Vidar B\u00f8e 32 1993 Rigmor S\u00e6b\u00f8 23 2002 Sauveur Chichirillo 23 1996 Thomas Borge 16 2008 Jan Arnt Skjolde 15 1997 Villy Mydland 13 2013 Hans H\u00e5kon Ruud 11 2001 Benjamin Borge 9 2016 \u00d8yvind Johannessen 9 2004 Kirsti Ruud 8 2010 Tom Edvardsen 7 1994 Siri Str\u00f8m Engebretsen 6 2001 Marthe Telle 5 2010 \u00d8yvind R\u00f8en 4 1994 Odin Tellesb\u00f8 4 2000 Harald Helgesen 4 2007 Turid Haraldsen 5 2018 Rolf Johannessen 3 2001&#8230;<\/p>\n<p class=\"read-more\"><a class=\"btn btn-default\" href=\"https:\/\/www.xn--stmarkail-k8a.no\/?page_id=410\">Les mer<span class=\"screen-reader-text\"> Les mer<\/span><\/a><\/p>\n","protected":false},"author":1,"featured_media":0,"parent":0,"menu_order":0,"comment_status":"closed","ping_status":"closed","template":"","meta":{"footnotes":""},"class_list":["post-410","page","type-page","status-publish","hentry"],"yoast_head":"<!-- This site is optimized with the Yoast SEO plugin v27.0 - https:\/\/yoast.com\/product\/yoast-seo-wordpress\/ -->\n<title>Styrets historikk - \u00d8stmarka IL<\/title>\n<meta name=\"robots\" content=\"index, follow, max-snippet:-1, max-image-preview:large, max-video-preview:-1\" \/>\n<link rel=\"canonical\" href=\"https:\/\/www.xn--stmarkail-k8a.no\/?page_id=410\" \/>\n<meta property=\"og:locale\" content=\"nb_NO\" \/>\n<meta property=\"og:type\" content=\"article\" \/>\n<meta property=\"og:title\" content=\"Styrets historikk - \u00d8stmarka IL\" \/>\n<meta property=\"og:description\" content=\"Styret Navn Antall \u00e5r Fra Vidar B\u00f8e 32 1993 Rigmor S\u00e6b\u00f8 23 2002 Sauveur Chichirillo 23 1996 Thomas Borge 16 2008 Jan Arnt Skjolde 15 1997 Villy Mydland 13 2013 Hans H\u00e5kon Ruud 11 2001 Benjamin Borge 9 2016 \u00d8yvind Johannessen 9 2004 Kirsti Ruud 8 2010 Tom Edvardsen 7 1994 Siri Str\u00f8m Engebretsen 6 2001 Marthe Telle 5 2010 \u00d8yvind R\u00f8en 4 1994 Odin Tellesb\u00f8 4 2000 Harald Helgesen 4 2007 Turid Haraldsen 5 2018 Rolf Johannessen 3 2001...Les mer Les mer\" \/>\n<meta property=\"og:url\" content=\"https:\/\/www.xn--stmarkail-k8a.no\/?page_id=410\" \/>\n<meta property=\"og:site_name\" content=\"\u00d8stmarka IL\" \/>\n<meta property=\"article:modified_time\" content=\"2026-01-12T22:27:42+00:00\" \/>\n<meta name=\"twitter:card\" content=\"summary_large_image\" \/>\n<meta name=\"twitter:label1\" content=\"Ansl. lesetid\" \/>\n\t<meta name=\"twitter:data1\" content=\"1 minutt\" \/>\n<script type=\"application\/ld+json\" class=\"yoast-schema-graph\">{\"@context\":\"https:\/\/schema.org\",\"@graph\":[{\"@type\":\"WebPage\",\"@id\":\"https:\/\/www.xn--stmarkail-k8a.no\/?page_id=410\",\"url\":\"https:\/\/www.xn--stmarkail-k8a.no\/?page_id=410\",\"name\":\"Styrets historikk - \u00d8stmarka IL\",\"isPartOf\":{\"@id\":\"https:\/\/www.xn--stmarkail-k8a.no\/#website\"},\"datePublished\":\"2021-12-19T16:42:47+00:00\",\"dateModified\":\"2026-01-12T22:27:42+00:00\",\"breadcrumb\":{\"@id\":\"https:\/\/www.xn--stmarkail-k8a.no\/?page_id=410#breadcrumb\"},\"inLanguage\":\"nb-NO\",\"potentialAction\":[{\"@type\":\"ReadAction\",\"target\":[\"https:\/\/www.xn--stmarkail-k8a.no\/?page_id=410\"]}]},{\"@type\":\"BreadcrumbList\",\"@id\":\"https:\/\/www.xn--stmarkail-k8a.no\/?page_id=410#breadcrumb\",\"itemListElement\":[{\"@type\":\"ListItem\",\"position\":1,\"name\":\"Hjem\",\"item\":\"https:\/\/www.xn--stmarkail-k8a.no\/\"},{\"@type\":\"ListItem\",\"position\":2,\"name\":\"Styrets historikk\"}]},{\"@type\":\"WebSite\",\"@id\":\"https:\/\/www.xn--stmarkail-k8a.no\/#website\",\"url\":\"https:\/\/www.xn--stmarkail-k8a.no\/\",\"name\":\"\u00d8stmarka IL\",\"description\":\"\",\"potentialAction\":[{\"@type\":\"SearchAction\",\"target\":{\"@type\":\"EntryPoint\",\"urlTemplate\":\"https:\/\/www.xn--stmarkail-k8a.no\/?s={search_term_string}\"},\"query-input\":{\"@type\":\"PropertyValueSpecification\",\"valueRequired\":true,\"valueName\":\"search_term_string\"}}],\"inLanguage\":\"nb-NO\"}]}<\/script>\n<!-- \/ Yoast SEO plugin. -->","yoast_head_json":{"title":"Styrets historikk - \u00d8stmarka IL","robots":{"index":"index","follow":"follow","max-snippet":"max-snippet:-1","max-image-preview":"max-image-preview:large","max-video-preview":"max-video-preview:-1"},"canonical":"https:\/\/www.xn--stmarkail-k8a.no\/?page_id=410","og_locale":"nb_NO","og_type":"article","og_title":"Styrets historikk - \u00d8stmarka IL","og_description":"Styret Navn Antall \u00e5r Fra Vidar B\u00f8e 32 1993 Rigmor S\u00e6b\u00f8 23 2002 Sauveur Chichirillo 23 1996 Thomas Borge 16 2008 Jan Arnt Skjolde 15 1997 Villy Mydland 13 2013 Hans H\u00e5kon Ruud 11 2001 Benjamin Borge 9 2016 \u00d8yvind Johannessen 9 2004 Kirsti Ruud 8 2010 Tom Edvardsen 7 1994 Siri Str\u00f8m Engebretsen 6 2001 Marthe Telle 5 2010 \u00d8yvind R\u00f8en 4 1994 Odin Tellesb\u00f8 4 2000 Harald Helgesen 4 2007 Turid Haraldsen 5 2018 Rolf Johannessen 3 2001...Les mer Les mer","og_url":"https:\/\/www.xn--stmarkail-k8a.no\/?page_id=410","og_site_name":"\u00d8stmarka IL","article_modified_time":"2026-01-12T22:27:42+00:00","twitter_card":"summary_large_image","twitter_misc":{"Ansl. lesetid":"1 minutt"},"schema":{"@context":"https:\/\/schema.org","@graph":[{"@type":"WebPage","@id":"https:\/\/www.xn--stmarkail-k8a.no\/?page_id=410","url":"https:\/\/www.xn--stmarkail-k8a.no\/?page_id=410","name":"Styrets historikk - \u00d8stmarka IL","isPartOf":{"@id":"https:\/\/www.xn--stmarkail-k8a.no\/#website"},"datePublished":"2021-12-19T16:42:47+00:00","dateModified":"2026-01-12T22:27:42+00:00","breadcrumb":{"@id":"https:\/\/www.xn--stmarkail-k8a.no\/?page_id=410#breadcrumb"},"inLanguage":"nb-NO","potentialAction":[{"@type":"ReadAction","target":["https:\/\/www.xn--stmarkail-k8a.no\/?page_id=410"]}]},{"@type":"BreadcrumbList","@id":"https:\/\/www.xn--stmarkail-k8a.no\/?page_id=410#breadcrumb","itemListElement":[{"@type":"ListItem","position":1,"name":"Hjem","item":"https:\/\/www.xn--stmarkail-k8a.no\/"},{"@type":"ListItem","position":2,"name":"Styrets historikk"}]},{"@type":"WebSite","@id":"https:\/\/www.xn--stmarkail-k8a.no\/#website","url":"https:\/\/www.xn--stmarkail-k8a.no\/","name":"\u00d8stmarka IL","description":"","potentialAction":[{"@type":"SearchAction","target":{"@type":"EntryPoint","urlTemplate":"https:\/\/www.xn--stmarkail-k8a.no\/?s={search_term_string}"},"query-input":{"@type":"PropertyValueSpecification","valueRequired":true,"valueName":"search_term_string"}}],"inLanguage":"nb-NO"}]}},"_links":{"self":[{"href":"https:\/\/www.xn--stmarkail-k8a.no\/index.php?rest_route=\/wp\/v2\/pages\/410","targetHints":{"allow":["GET"]}}],"collection":[{"href":"https:\/\/www.xn--stmarkail-k8a.no\/index.php?rest_route=\/wp\/v2\/pages"}],"about":[{"href":"https:\/\/www.xn--stmarkail-k8a.no\/index.php?rest_route=\/wp\/v2\/types\/page"}],"author":[{"embeddable":true,"href":"https:\/\/www.xn--stmarkail-k8a.no\/index.php?rest_route=\/wp\/v2\/users\/1"}],"replies":[{"embeddable":true,"href":"https:\/\/www.xn--stmarkail-k8a.no\/index.php?rest_route=%2Fwp%2Fv2%2Fcomments&post=410"}],"version-history":[{"count":11,"href":"https:\/\/www.xn--stmarkail-k8a.no\/index.php?rest_route=\/wp\/v2\/pages\/410\/revisions"}],"predecessor-version":[{"id":629,"href":"https:\/\/www.xn--stmarkail-k8a.no\/index.php?rest_route=\/wp\/v2\/pages\/410\/revisions\/629"}],"wp:attachment":[{"href":"https:\/\/www.xn--stmarkail-k8a.no\/index.php?rest_route=%2Fwp%2Fv2%2Fmedia&parent=410"}],"curies":[{"name":"wp","href":"https:\/\/api.w.org\/{rel}","templated":true}]}}