{"id":569,"date":"2025-08-02T17:20:37","date_gmt":"2025-08-02T17:20:37","guid":{"rendered":"http:\/\/www.xn--stmarkail-k8a.no\/?page_id=569"},"modified":"2025-08-02T18:10:38","modified_gmt":"2025-08-02T18:10:38","slug":"utmerkelser-og-tillitsverv","status":"publish","type":"page","link":"https:\/\/www.xn--stmarkail-k8a.no\/?page_id=569","title":{"rendered":"Utmerkelser og Tillitsverv"},"content":{"rendered":"\n<p><strong>Utmerkelser<\/strong><\/p>\n\n\n\n<figure class=\"wp-block-table\"><table><tbody><tr><td><strong>\u00c5r<\/strong><\/td><td><strong>Navn<\/strong><\/td><td><strong>Utmerkelse<\/strong><\/td><\/tr><tr><td>2008<\/td><td>Rigmor S\u00e6b\u00f8<\/td><td>Frivillighetsprisen &#8211; L\u00f8renskog idrettsr\u00e5d<\/td><\/tr><tr><td>2010<\/td><td>Tahir Hussain<\/td><td>\u00c5rets pakistaner<\/td><\/tr><tr><td>2016<\/td><td>Hans H\u00e5kon Ruud<\/td><td>Frivillighetsprisen &#8211; Akershus idrettskrets<\/td><\/tr><tr><td>1999<\/td><td>Vidar B\u00f8e<\/td><td>Idrettsprisen &#8211; Akershus idrettskrets<\/td><\/tr><tr><td>2002<\/td><td>Vidar B\u00f8e<\/td><td>Milj\u00f8prisen i L\u00f8renskog<\/td><\/tr><tr><td>2004<\/td><td>Vidar B\u00f8e<\/td><td>Kulturprisen i L\u00f8renskog<\/td><\/tr><tr><td>2006<\/td><td>Vidar B\u00f8e<\/td><td>Aktivitetspris &#8211; Sosial- og helsedepartementet<\/td><\/tr><tr><td>2009<\/td><td>Vidar B\u00f8e<\/td><td>Frivllighetspris i L\u00f8renskog<\/td><\/tr><tr><td>2009<\/td><td>Vidar B\u00f8e<\/td><td>Lionsprisen L\u00f8renskog<\/td><\/tr><tr><td>2010<\/td><td>Vidar B\u00f8e<\/td><td>\u00c5rets Ildsjel &#8211; Norges idrettsforbund<\/td><\/tr><tr><td>2010<\/td><td>Vidar B\u00f8e<\/td><td>\u00c5rets Romeriking &#8211; Romerike Blad<\/td><\/tr><tr><td>2010<\/td><td>Vidar B\u00f8e<\/td><td>Melvin Jones Fellow internasjonal pris<\/td><\/tr><tr><td>2018<\/td><td>Vidar B\u00f8e<\/td><td>Norges idrettsforbunds hederstegn<\/td><\/tr><tr><td>2018<\/td><td>Vidar B\u00f8e<\/td><td>Akershus idrettskrets hederspris<\/td><\/tr><tr><td>2019<\/td><td>Vidar B\u00f8e<\/td><td>Hedersprisen L\u00f8renskog idrettsr\u00e5d<\/td><\/tr><tr><td>2022<\/td><td>Vidar B\u00f8e<\/td><td>Gjestebud p\u00e5 Skaugum &#8211; Frivillighetens \u00e5r<\/td><\/tr><tr><td>2000<\/td><td>\u00d8stmarka IL<\/td><td>Verdiprisen &#8211; Akershus idrettskrets<\/td><\/tr><tr><td>2009<\/td><td>\u00d8stmarka IL<\/td><td>Jubileumsprisen &#8211; Akershus idrettskrets<\/td><\/tr><\/tbody><\/table><\/figure>\n\n\n\n<p><\/p>\n\n\n\n<p><\/p>\n\n\n\n<p><\/p>\n\n\n\n<p><strong>Tillitsverv<\/strong><\/p>\n\n\n\n<figure class=\"wp-block-table\"><table><tbody><tr><td><\/td><td><strong>Navn<\/strong><\/td><td><strong>Tillitsverv<\/strong><\/td><\/tr><tr><td>1994 &#8211; 2025<\/td><td>Vidar B\u00f8e<\/td><td>Leder og styremedlem i \u00d8stmarka IL<\/td><\/tr><tr><td>1996 &#8211; 1998<\/td><td>Vidar B\u00f8e<\/td><td>Styremedlem L\u00f8renskog idrettsr\u00e5d<\/td><\/tr><tr><td>1998 &#8211; 2008<\/td><td>Vidar B\u00f8e<\/td><td>Leder av L\u00f8renskog idrettsr\u00e5d<\/td><\/tr><tr><td>1999 &#8211; 2002<\/td><td>Vidar B\u00f8e<\/td><td>Styremedlem rekrutteringsutvalget NCF<\/td><\/tr><tr><td>2000 &#8211; 2019<\/td><td>Vidar B\u00f8e<\/td><td>Styremedlem i Akershus idrettskrets<\/td><\/tr><tr><td>2000 &#8211; 2002<\/td><td>Vidar B\u00f8e<\/td><td>Styremedlem av rekrutteringsutvalget i Norges Cykleforbund<\/td><\/tr><tr><td>2000 &#8211; 2006<\/td><td>Vidar B\u00f8e<\/td><td>Styremedlem i Akershus handikapidrettskrets<\/td><\/tr><tr><td>2003 &#8211; 2004<\/td><td>Vidar B\u00f8e<\/td><td>Leder av rekrutteringsutvalget i Norges Cykleforbund<\/td><\/tr><tr><td>2003 &#8211; 2006<\/td><td>Vidar B\u00f8e<\/td><td>Medlem av lovkomiteen i NFI<\/td><\/tr><tr><td>2004 &#8211; 2005<\/td><td>Vidar B\u00f8e<\/td><td>Leder av integreringsutvalget i NCF<\/td><\/tr><tr><td>2007 &#8211; 2010<\/td><td>Vidar B\u00f8e<\/td><td>Leder av lovkomiteen i NFI<\/td><\/tr><tr><td>2009 &#8211; 2011<\/td><td>Vidar B\u00f8e<\/td><td>Styremedlem L\u00f8renskog Idrettsr\u00e5d<\/td><\/tr><tr><td>2012 &#8211; 2017<\/td><td>Vidar B\u00f8e<\/td><td>Revisor L\u00f8renskog Idrettsr\u00e5d<\/td><\/tr><tr><td>2007 &#8211; 2010<\/td><td>Vidar B\u00f8e<\/td><td>Medlem integreringsutvalget i NIF<\/td><\/tr><tr><td>2008 &#8211; 2011<\/td><td>Vidar B\u00f8e<\/td><td>Leder av lovkomiteen fleridrettsforbundet<\/td><\/tr><tr><td>2014 &#8211; 2015<\/td><td>Vidar B\u00f8e<\/td><td>Medlem i valgkomiteen. Norges idrettsforbund<\/td><\/tr><tr><td>2016 &#8211; 2025<\/td><td>Vidar B\u00f8e<\/td><td>Nestleder sk\u00f8yteklubben L\u00f8renskog<\/td><\/tr><tr><td>2018 &#8211; 2019<\/td><td>Vidar B\u00f8e<\/td><td>Medlem i valgkomiteen. Norges idrettsforbund<\/td><\/tr><tr><td>2018 &#8211; 2019<\/td><td>Vidar B\u00f8e<\/td><td>Medlem Viken interimstyre<\/td><\/tr><tr><td>2021 &#8211; 2025<\/td><td>Vidar B\u00f8e<\/td><td>Nestleder Akershus Oslo sk\u00f8ytekrets<\/td><\/tr><tr><td>2000<\/td><td>Siri S Engebretsen<\/td><td>Ungdomsrepresentant. L\u00f8renskog idrettsr\u00e5d<\/td><\/tr><tr><td>2001<\/td><td>Rolf Johannessen<\/td><td>Utvalget ungdom elite. Triatlonforbunet<\/td><\/tr><tr><td>2002<\/td><td>Jan Arnt Skjolde<\/td><td>Medlem. NCF rekrutteringsutvalg<\/td><\/tr><tr><td>2004 &#8211; 2006<\/td><td>Kjersti Lande B\u00f8e<\/td><td>Styremedlem. Akershus cyklekrets<\/td><\/tr><tr><td>2006 &#8211; 2007<\/td><td>Rigmor S\u00e6b\u00f8<\/td><td>Styremedlem. NCF<\/td><\/tr><tr><td>2007<\/td><td>Monica Guneriussen<\/td><td>Styremedlem. Akershus cyklekrets<\/td><\/tr><tr><td>2009 &#8211; 2014<\/td><td>Rigmor S\u00e6b\u00f8<\/td><td>Valgkomiteen. NCF<\/td><\/tr><tr><td>2009<\/td><td>Hans H\u00e5kon Ruud<\/td><td>Valgkomiteen. Idrettsr\u00e5det<\/td><\/tr><tr><td>2009 &#8211; 2012<\/td><td>Siri Johannessen<\/td><td>Varamedlem. Triatlonforbudet<\/td><\/tr><tr><td>2012<\/td><td>Arne Inge Olsen<\/td><td>Styremedlem. Idrettsr\u00e5det<\/td><\/tr><tr><td>2013 &#8211; 2014<\/td><td>Ingrid Mangsnes<\/td><td>Varamedlem. Triatlonforbundet<\/td><\/tr><tr><td>2015 &#8211; 2016<\/td><td>Jostein Mj\u00f8nerud<\/td><td>Styreleder. Idrettsr\u00e5det<\/td><\/tr><tr><td>2021<\/td><td>Kjersti Lande B\u00f8e<\/td><td>Varamedlem. Kontrollutvalget IR<\/td><\/tr><tr><td>2021 &#8211; 2023<\/td><td>Thomas Borge<\/td><td>Styremedlem. Idrettsr\u00e5det<\/td><\/tr><\/tbody><\/table><\/figure>\n","protected":false},"excerpt":{"rendered":"<p>Utmerkelser \u00c5r Navn Utmerkelse 2008 Rigmor S\u00e6b\u00f8 Frivillighetsprisen &#8211; L\u00f8renskog idrettsr\u00e5d 2010 Tahir Hussain \u00c5rets pakistaner 2016 Hans H\u00e5kon Ruud Frivillighetsprisen &#8211; Akershus idrettskrets 1999 Vidar B\u00f8e Idrettsprisen &#8211; Akershus idrettskrets 2002 Vidar B\u00f8e Milj\u00f8prisen i L\u00f8renskog 2004 Vidar B\u00f8e Kulturprisen i L\u00f8renskog 2006 Vidar B\u00f8e Aktivitetspris &#8211; Sosial- og helsedepartementet 2009 Vidar B\u00f8e Frivllighetspris i L\u00f8renskog 2009 Vidar B\u00f8e Lionsprisen L\u00f8renskog 2010 Vidar B\u00f8e \u00c5rets Ildsjel &#8211; Norges idrettsforbund 2010 Vidar B\u00f8e \u00c5rets Romeriking &#8211; Romerike Blad 2010 Vidar&#8230;<\/p>\n<p class=\"read-more\"><a class=\"btn btn-default\" href=\"https:\/\/www.xn--stmarkail-k8a.no\/?page_id=569\">Les mer<span class=\"screen-reader-text\"> Les mer<\/span><\/a><\/p>\n","protected":false},"author":1,"featured_media":0,"parent":0,"menu_order":0,"comment_status":"closed","ping_status":"closed","template":"","meta":{"footnotes":""},"class_list":["post-569","page","type-page","status-publish","hentry"],"yoast_head":"<!-- This site is optimized with the Yoast SEO plugin v27.0 - https:\/\/yoast.com\/product\/yoast-seo-wordpress\/ -->\n<title>Utmerkelser og Tillitsverv - \u00d8stmarka IL<\/title>\n<meta name=\"robots\" content=\"index, follow, max-snippet:-1, max-image-preview:large, max-video-preview:-1\" \/>\n<link rel=\"canonical\" href=\"https:\/\/www.xn--stmarkail-k8a.no\/?page_id=569\" \/>\n<meta property=\"og:locale\" content=\"nb_NO\" \/>\n<meta property=\"og:type\" content=\"article\" \/>\n<meta property=\"og:title\" content=\"Utmerkelser og Tillitsverv - \u00d8stmarka IL\" \/>\n<meta property=\"og:description\" content=\"Utmerkelser \u00c5r Navn Utmerkelse 2008 Rigmor S\u00e6b\u00f8 Frivillighetsprisen &#8211; L\u00f8renskog idrettsr\u00e5d 2010 Tahir Hussain \u00c5rets pakistaner 2016 Hans H\u00e5kon Ruud Frivillighetsprisen &#8211; Akershus idrettskrets 1999 Vidar B\u00f8e Idrettsprisen &#8211; Akershus idrettskrets 2002 Vidar B\u00f8e Milj\u00f8prisen i L\u00f8renskog 2004 Vidar B\u00f8e Kulturprisen i L\u00f8renskog 2006 Vidar B\u00f8e Aktivitetspris &#8211; Sosial- og helsedepartementet 2009 Vidar B\u00f8e Frivllighetspris i L\u00f8renskog 2009 Vidar B\u00f8e Lionsprisen L\u00f8renskog 2010 Vidar B\u00f8e \u00c5rets Ildsjel &#8211; Norges idrettsforbund 2010 Vidar B\u00f8e \u00c5rets Romeriking &#8211; Romerike Blad 2010 Vidar...Les mer Les mer\" \/>\n<meta property=\"og:url\" content=\"https:\/\/www.xn--stmarkail-k8a.no\/?page_id=569\" \/>\n<meta property=\"og:site_name\" content=\"\u00d8stmarka IL\" \/>\n<meta property=\"article:modified_time\" content=\"2025-08-02T18:10:38+00:00\" \/>\n<meta name=\"twitter:card\" content=\"summary_large_image\" \/>\n<meta name=\"twitter:label1\" content=\"Ansl. lesetid\" \/>\n\t<meta name=\"twitter:data1\" content=\"2 minutter\" \/>\n<script type=\"application\/ld+json\" class=\"yoast-schema-graph\">{\"@context\":\"https:\/\/schema.org\",\"@graph\":[{\"@type\":\"WebPage\",\"@id\":\"https:\/\/www.xn--stmarkail-k8a.no\/?page_id=569\",\"url\":\"https:\/\/www.xn--stmarkail-k8a.no\/?page_id=569\",\"name\":\"Utmerkelser og Tillitsverv - \u00d8stmarka IL\",\"isPartOf\":{\"@id\":\"https:\/\/www.xn--stmarkail-k8a.no\/#website\"},\"datePublished\":\"2025-08-02T17:20:37+00:00\",\"dateModified\":\"2025-08-02T18:10:38+00:00\",\"breadcrumb\":{\"@id\":\"https:\/\/www.xn--stmarkail-k8a.no\/?page_id=569#breadcrumb\"},\"inLanguage\":\"nb-NO\",\"potentialAction\":[{\"@type\":\"ReadAction\",\"target\":[\"https:\/\/www.xn--stmarkail-k8a.no\/?page_id=569\"]}]},{\"@type\":\"BreadcrumbList\",\"@id\":\"https:\/\/www.xn--stmarkail-k8a.no\/?page_id=569#breadcrumb\",\"itemListElement\":[{\"@type\":\"ListItem\",\"position\":1,\"name\":\"Hjem\",\"item\":\"https:\/\/www.xn--stmarkail-k8a.no\/\"},{\"@type\":\"ListItem\",\"position\":2,\"name\":\"Utmerkelser og Tillitsverv\"}]},{\"@type\":\"WebSite\",\"@id\":\"https:\/\/www.xn--stmarkail-k8a.no\/#website\",\"url\":\"https:\/\/www.xn--stmarkail-k8a.no\/\",\"name\":\"\u00d8stmarka IL\",\"description\":\"\",\"potentialAction\":[{\"@type\":\"SearchAction\",\"target\":{\"@type\":\"EntryPoint\",\"urlTemplate\":\"https:\/\/www.xn--stmarkail-k8a.no\/?s={search_term_string}\"},\"query-input\":{\"@type\":\"PropertyValueSpecification\",\"valueRequired\":true,\"valueName\":\"search_term_string\"}}],\"inLanguage\":\"nb-NO\"}]}<\/script>\n<!-- \/ Yoast SEO plugin. -->","yoast_head_json":{"title":"Utmerkelser og Tillitsverv - \u00d8stmarka IL","robots":{"index":"index","follow":"follow","max-snippet":"max-snippet:-1","max-image-preview":"max-image-preview:large","max-video-preview":"max-video-preview:-1"},"canonical":"https:\/\/www.xn--stmarkail-k8a.no\/?page_id=569","og_locale":"nb_NO","og_type":"article","og_title":"Utmerkelser og Tillitsverv - \u00d8stmarka IL","og_description":"Utmerkelser \u00c5r Navn Utmerkelse 2008 Rigmor S\u00e6b\u00f8 Frivillighetsprisen &#8211; L\u00f8renskog idrettsr\u00e5d 2010 Tahir Hussain \u00c5rets pakistaner 2016 Hans H\u00e5kon Ruud Frivillighetsprisen &#8211; Akershus idrettskrets 1999 Vidar B\u00f8e Idrettsprisen &#8211; Akershus idrettskrets 2002 Vidar B\u00f8e Milj\u00f8prisen i L\u00f8renskog 2004 Vidar B\u00f8e Kulturprisen i L\u00f8renskog 2006 Vidar B\u00f8e Aktivitetspris &#8211; Sosial- og helsedepartementet 2009 Vidar B\u00f8e Frivllighetspris i L\u00f8renskog 2009 Vidar B\u00f8e Lionsprisen L\u00f8renskog 2010 Vidar B\u00f8e \u00c5rets Ildsjel &#8211; Norges idrettsforbund 2010 Vidar B\u00f8e \u00c5rets Romeriking &#8211; Romerike Blad 2010 Vidar...Les mer Les mer","og_url":"https:\/\/www.xn--stmarkail-k8a.no\/?page_id=569","og_site_name":"\u00d8stmarka IL","article_modified_time":"2025-08-02T18:10:38+00:00","twitter_card":"summary_large_image","twitter_misc":{"Ansl. lesetid":"2 minutter"},"schema":{"@context":"https:\/\/schema.org","@graph":[{"@type":"WebPage","@id":"https:\/\/www.xn--stmarkail-k8a.no\/?page_id=569","url":"https:\/\/www.xn--stmarkail-k8a.no\/?page_id=569","name":"Utmerkelser og Tillitsverv - \u00d8stmarka IL","isPartOf":{"@id":"https:\/\/www.xn--stmarkail-k8a.no\/#website"},"datePublished":"2025-08-02T17:20:37+00:00","dateModified":"2025-08-02T18:10:38+00:00","breadcrumb":{"@id":"https:\/\/www.xn--stmarkail-k8a.no\/?page_id=569#breadcrumb"},"inLanguage":"nb-NO","potentialAction":[{"@type":"ReadAction","target":["https:\/\/www.xn--stmarkail-k8a.no\/?page_id=569"]}]},{"@type":"BreadcrumbList","@id":"https:\/\/www.xn--stmarkail-k8a.no\/?page_id=569#breadcrumb","itemListElement":[{"@type":"ListItem","position":1,"name":"Hjem","item":"https:\/\/www.xn--stmarkail-k8a.no\/"},{"@type":"ListItem","position":2,"name":"Utmerkelser og Tillitsverv"}]},{"@type":"WebSite","@id":"https:\/\/www.xn--stmarkail-k8a.no\/#website","url":"https:\/\/www.xn--stmarkail-k8a.no\/","name":"\u00d8stmarka IL","description":"","potentialAction":[{"@type":"SearchAction","target":{"@type":"EntryPoint","urlTemplate":"https:\/\/www.xn--stmarkail-k8a.no\/?s={search_term_string}"},"query-input":{"@type":"PropertyValueSpecification","valueRequired":true,"valueName":"search_term_string"}}],"inLanguage":"nb-NO"}]}},"_links":{"self":[{"href":"https:\/\/www.xn--stmarkail-k8a.no\/index.php?rest_route=\/wp\/v2\/pages\/569","targetHints":{"allow":["GET"]}}],"collection":[{"href":"https:\/\/www.xn--stmarkail-k8a.no\/index.php?rest_route=\/wp\/v2\/pages"}],"about":[{"href":"https:\/\/www.xn--stmarkail-k8a.no\/index.php?rest_route=\/wp\/v2\/types\/page"}],"author":[{"embeddable":true,"href":"https:\/\/www.xn--stmarkail-k8a.no\/index.php?rest_route=\/wp\/v2\/users\/1"}],"replies":[{"embeddable":true,"href":"https:\/\/www.xn--stmarkail-k8a.no\/index.php?rest_route=%2Fwp%2Fv2%2Fcomments&post=569"}],"version-history":[{"count":3,"href":"https:\/\/www.xn--stmarkail-k8a.no\/index.php?rest_route=\/wp\/v2\/pages\/569\/revisions"}],"predecessor-version":[{"id":578,"href":"https:\/\/www.xn--stmarkail-k8a.no\/index.php?rest_route=\/wp\/v2\/pages\/569\/revisions\/578"}],"wp:attachment":[{"href":"https:\/\/www.xn--stmarkail-k8a.no\/index.php?rest_route=%2Fwp%2Fv2%2Fmedia&parent=569"}],"curies":[{"name":"wp","href":"https:\/\/api.w.org\/{rel}","templated":true}]}}